{"id":200,"date":"2026-01-27T14:35:13","date_gmt":"2026-01-27T13:35:13","guid":{"rendered":"https:\/\/www.camping-lespalmiers.fr\/accueil\/"},"modified":"2026-03-12T08:50:42","modified_gmt":"2026-03-12T07:50:42","slug":"accueil","status":"publish","type":"page","link":"https:\/\/www.camping-lespalmiers.fr\/en\/","title":{"rendered":"Home"},"content":{"rendered":"\n<section class=\"wp-block-group alignfull bienvenue has-background has-global-padding is-layout-constrained wp-container-core-group-is-layout-2877fcb1 wp-block-group-is-layout-constrained\" id=\"nous\" style=\"border-radius:0px;background-color:rgba(255,255,255,1);margin-top:0px;margin-right:0px;margin-bottom:0px;margin-left:0px;padding-top:var(--wp--preset--spacing--60);padding-right:0px;padding-bottom:var(--wp--preset--spacing--60);padding-left:0px\">\n<p class=\"wp-block-heading has-origin-font-family h1-like has-custom-color-2-color has-text-color\" style=\"margin-top:0px;margin-right:0px;margin-bottom:0px;margin-left:0px;font-size:clamp(57.838px, 3.615rem + ((1vw - 3.2px) * 5.054), 120px);font-style:normal;font-weight:400;line-height:1.0\">Visit <br\/>south.<\/p>\n\n\n\n<div class=\"wp-block-columns is-layout-flex wp-container-core-columns-is-layout-6e7d8bb3 wp-block-columns-is-layout-flex\" style=\"margin-top:0;margin-bottom:0\">\n<div class=\"wp-block-column is-vertically-aligned-bottom is-layout-flow wp-block-column-is-layout-flow\" style=\"flex-basis:33%\">\n<div class=\"wp-block-group has-global-padding is-content-justification-left is-layout-constrained wp-container-core-group-is-layout-09a39926 wp-block-group-is-layout-constrained\" style=\"margin-top:0px;margin-right:0px;margin-bottom:0px;margin-left:3px\">\n<h1 class=\"wp-block-heading has-text-align-left full-width has-lt-remark-font-family has-custom-color-1-color has-text-color\" style=\"margin-top:var(--wp--preset--spacing--30);margin-right:0px;margin-bottom:0px;margin-left:0px;font-size:clamp(35.641px, 2.228rem + ((1vw - 3.2px) * 2.387), 65px);font-style:normal;font-weight:400;line-height:1.0\">Campsite near Carqueiranne<\/h1>\n\n\n\n<div class=\"wp-block-group is-layout-flow wp-block-group-is-layout-flow\" style=\"padding-top:1.5rem;padding-right:var(--wp--preset--spacing--40)\">\n<p class=\"has-text-align-left paragraph has-text-color has-lt-remark-font-family\" style=\"color:#343835;margin-top:0px;margin-right:0px;margin-bottom:0px;margin-left:0px;padding-top:0rem;padding-right:0;font-size:clamp(14px, 0.875rem + ((1vw - 3.2px) * 0.488), 20px);font-style:normal;font-weight:400;line-height:1.7\">Located in <strong>Carqueiranne<\/strong>, just a few minutes from <strong>Hy\u00e8res-les-Palmiers<\/strong>, <strong>Les Palmiers<\/strong> campsite is a confidential address for those looking for a <strong>peaceful place to live in the Var<\/strong>, just a stone&#8217;s throw from the Mediterranean. Open from <strong>January 10 to November 10<\/strong>, this human-scale Var campsite is set in <strong>8,475 m\u00b2 of wooded grounds<\/strong>, designed like a <strong>small village in the South of France<\/strong>. Here, the atmosphere is <strong>warm, serene and friendly<\/strong>, ideal for long stays and second homes.   Les <strong>mobil-homes climatis\u00e9s avec terrasse<\/strong>, la <strong>piscine ext\u00e9rieure<\/strong>, les espaces de jeux pour enfants et la proximit\u00e9 imm\u00e9diate des commerces composent un cadre harmonieux, id\u00e9al pour profiter pleinement du <strong>littoral varois<\/strong> et du <strong>douce art de vivre proven\u00e7al<\/strong>, toute l\u2019ann\u00e9e. <\/p>\n<\/div>\n\n\n\n<p class=\"h2-like has-custom-color-1-color has-text-color has-link-color has-lt-remark-font-family wp-elements-4e249464bd24effaf7dfcfab82349070\" style=\"margin-top:0;margin-bottom:0;padding-top:var(--wp--preset--spacing--40);font-size:clamp(43.728px, 2.733rem + ((1vw - 3.2px) * 3.274), 84px);line-height:1\">Sunshine, <br\/><em>palm trees<\/em> <br\/><strong>and you&#8230;<\/strong><\/p>\n<\/div>\n<\/div>\n\n\n\n<div class=\"wp-block-column is-vertically-aligned-center is-layout-flow wp-block-column-is-layout-flow\" style=\"flex-basis:33%\">\n<figure class=\"wp-block-image size-full is-resized has-custom-border animated fadeIn delay-200ms\"><img decoding=\"async\" width=\"582\" height=\"964\" src=\"https:\/\/www.camping-lespalmiers.fr\/wp-content\/uploads\/sites\/10\/2026\/02\/camping-proche-d-hyeres-les-palmiers.jpg\" alt=\"camping near hyeres les palmiers\" class=\"wp-image-159\" style=\"border-top-left-radius:292px;border-bottom-right-radius:292px;object-fit:cover;width:584px;height:964px\" srcset=\"https:\/\/www.camping-lespalmiers.fr\/wp-content\/uploads\/sites\/10\/2026\/02\/camping-proche-d-hyeres-les-palmiers.jpg 582w, https:\/\/www.camping-lespalmiers.fr\/wp-content\/uploads\/sites\/10\/2026\/02\/camping-proche-d-hyeres-les-palmiers-181x300.jpg 181w\" sizes=\"(max-width: 582px) 100vw, 582px\" \/><\/figure>\n<\/div>\n\n\n\n<div class=\"wp-block-column is-layout-flow wp-block-column-is-layout-flow\" style=\"flex-basis:33%\">\n<figure class=\"wp-block-image size-full is-resized has-custom-border animated fadeIn delay-100ms\"><img decoding=\"async\" width=\"900\" height=\"1350\" src=\"https:\/\/www.camping-lespalmiers.fr\/wp-content\/uploads\/sites\/10\/2026\/03\/camping-carqueiranne.jpg\" alt=\"camping carqueiranne\" class=\"wp-image-277\" style=\"border-top-left-radius:316px;border-bottom-right-radius:0px;object-fit:cover;width:630px;height:877px\" srcset=\"https:\/\/www.camping-lespalmiers.fr\/wp-content\/uploads\/sites\/10\/2026\/03\/camping-carqueiranne.jpg 900w, https:\/\/www.camping-lespalmiers.fr\/wp-content\/uploads\/sites\/10\/2026\/03\/camping-carqueiranne-200x300.jpg 200w, https:\/\/www.camping-lespalmiers.fr\/wp-content\/uploads\/sites\/10\/2026\/03\/camping-carqueiranne-683x1024.jpg 683w, https:\/\/www.camping-lespalmiers.fr\/wp-content\/uploads\/sites\/10\/2026\/03\/camping-carqueiranne-768x1152.jpg 768w\" sizes=\"(max-width: 900px) 100vw, 900px\" \/><\/figure>\n\n\n\n<figure class=\"wp-block-image size-large plume\"><img decoding=\"async\" width=\"639\" height=\"314\" src=\"https:\/\/www.camping-lespalmiers.fr\/wp-content\/uploads\/sites\/10\/2026\/02\/plume.svg\" alt=\"feather\" class=\"wp-image-94\"\/><\/figure>\n<\/div>\n<\/div>\n<\/section>\n\n<section id=\"resident\" class=\"wp-block-group two is-layout-flow wp-block-group-is-layout-flow has-background\" style=\"margin-top:0;margin-bottom:0;padding-top:0;padding-bottom:0;background-image:url(&apos;https:\/\/www.camping-lesfontetes.com\/wp-content\/uploads\/sites\/8\/2026\/01\/atouts.png&apos;);background-size:cover;\">\n<div class=\"wp-block-columns is-layout-flex wp-container-core-columns-is-layout-cbe57604 wp-block-columns-is-layout-flex\">\n<div class=\"wp-block-column is-layout-flow wp-block-column-is-layout-flow\">\n<div class=\"wp-block-group animated fadeIn delay-200ms has-custom-color-3-background-color has-background is-layout-flow wp-block-group-is-layout-flow\" style=\"border-top-left-radius:292px;border-bottom-right-radius:292px;padding-top:130px;padding-right:83px;padding-bottom:130px;padding-left:83px\">\n<h2 class=\"wp-block-heading has-base-2-color has-text-color has-link-color wp-elements-8782f44197a0b64f6266be18310674dd\" style=\"border-bottom-color:var(--wp--preset--color--base-2);border-bottom-width:1px;padding-bottom:var(--wp--preset--spacing--20);line-height:1.1\">A village atmosphere for your <strong>second home<\/strong><\/h2>\n\n\n\n<div class=\"wp-block-group is-layout-flow wp-block-group-is-layout-flow\" style=\"padding-top:var(--wp--preset--spacing--20)\">\n<p class=\"has-base-2-color has-text-color has-link-color wp-elements-484a28bfd041909da8fe2c223242b4f0\" style=\"padding-top:0\">At <strong>Les Palmiers<\/strong> campsite, in the immediate vicinity of <strong>Hy\u00e8res-les-Palmiers<\/strong>, everything has been designed to recreate the atmosphere of a <strong>southern village<\/strong>, where you&#8217;ll feel at home from the very first day. Arranged like a <strong>small Mediterranean housing estate<\/strong>, the domain encourages neighborly relations, respect and conviviality between residents. Open from <strong>January to November<\/strong>, this <strong>residential campsite in the Var<\/strong> is ideal for a <strong>second home close to the sea<\/strong>, in a <strong>calm and soothing environment planted with trees<\/strong>. A real place to live, conducive to relaxation, shared habits and a <strong>lasting quality of life under the Provencal sun<\/strong>.   <\/p>\n<\/div>\n<\/div>\n<\/div>\n\n\n\n<div class=\"wp-block-column is-vertically-aligned-top is-layout-flow wp-block-column-is-layout-flow\">\n<p class=\"h1-like wp-block-heading has-origin-font-family has-custom-color-2-color has-text-color\" style=\"margin-top:var(--wp--preset--spacing--50);margin-right:0px;margin-bottom:0px;margin-left:0px;font-size:clamp(54.054px, 3.378rem + ((1vw - 3.2px) * 4.548), 110px);font-style:normal;font-weight:400;line-height:1.1\">Just like home<\/p>\n<\/div>\n<\/div>\n\n\n\n<div class=\"wp-block-columns is-layout-flex wp-container-core-columns-is-layout-28f84493 wp-block-columns-is-layout-flex\">\n<div class=\"wp-block-column is-vertically-aligned-center is-layout-flow wp-block-column-is-layout-flow\" style=\"flex-basis:40%\">\n<p class=\"h2-like has-custom-color-1-color has-text-color has-link-color has-lt-remark-font-family wp-elements-57cc6dfb2fb4866b2d9955703dbae5e4\" style=\"font-size:clamp(43.728px, 2.733rem + ((1vw - 3.2px) * 3.274), 84px);line-height:1\">Corner of Provence, <br\/><em>just for<\/em>, <br\/><strong>you&#8230;<\/strong><\/p>\n<\/div>\n\n\n\n<div class=\"wp-block-column is-layout-flow wp-block-column-is-layout-flow\" style=\"flex-basis:60%\">\n<div data-swiper=\"{&quot;speed&quot;:400,&quot;spaceBetween&quot;:50,&quot;slidesPerView&quot;:1.5,&quot;createElements&quot;:true,&quot;loop&quot;:true,&quot;freemode&quot;:true,&quot;pagination&quot;:{&quot;el&quot;:&quot;.swiper-pagination&quot;,&quot;dynamicBullets&quot;:true},&quot;breakpoints&quot;:{&quot;0&quot;:{&quot;slidesPerView&quot;:1},&quot;1024&quot;:{&quot;slidesPerView&quot;:1.5}},&quot;navigation&quot;:false,&quot;autoplay&quot;:{&quot;delay&quot;:3000}}\" class=\"wp-block-group gt-is-slider gt-is-slider-desktop has-global-padding is-layout-constrained wp-block-group-is-layout-constrained\">\n<figure class=\"wp-block-image size-full has-custom-border animated fadeIn delay-100ms\"><img decoding=\"async\" width=\"629\" height=\"861\" src=\"https:\/\/www.camping-lespalmiers.fr\/wp-content\/uploads\/sites\/10\/2026\/02\/un-air-de-village-pour-votre-residence-secondaire.jpg\" alt=\"a village atmosphere for your holiday home\" class=\"wp-image-164\" style=\"border-top-left-radius:292px;border-bottom-right-radius:292px\" srcset=\"https:\/\/www.camping-lespalmiers.fr\/wp-content\/uploads\/sites\/10\/2026\/02\/un-air-de-village-pour-votre-residence-secondaire.jpg 629w, https:\/\/www.camping-lespalmiers.fr\/wp-content\/uploads\/sites\/10\/2026\/02\/un-air-de-village-pour-votre-residence-secondaire-219x300.jpg 219w\" sizes=\"(max-width: 629px) 100vw, 629px\" \/><\/figure>\n\n\n\n<figure class=\"wp-block-image size-full has-custom-border animated fadeIn delay-100ms\"><img decoding=\"async\" width=\"629\" height=\"861\" src=\"https:\/\/www.camping-lespalmiers.fr\/wp-content\/uploads\/sites\/10\/2026\/02\/petit-lotissement-mediterraneen.jpg\" alt=\"small mediterranean housing estate\" class=\"wp-image-166\" style=\"border-top-left-radius:292px;border-bottom-right-radius:292px\" srcset=\"https:\/\/www.camping-lespalmiers.fr\/wp-content\/uploads\/sites\/10\/2026\/02\/petit-lotissement-mediterraneen.jpg 629w, https:\/\/www.camping-lespalmiers.fr\/wp-content\/uploads\/sites\/10\/2026\/02\/petit-lotissement-mediterraneen-219x300.jpg 219w\" sizes=\"(max-width: 629px) 100vw, 629px\" \/><\/figure>\n\n\n\n<figure class=\"wp-block-image size-full has-custom-border\"><img decoding=\"async\" width=\"629\" height=\"861\" src=\"https:\/\/www.camping-lespalmiers.fr\/wp-content\/uploads\/sites\/10\/2026\/02\/qualite-de-vie-durable-sous-le-soleil-provencal.jpg\" alt=\"sustainable quality of life under the provencal sun\" class=\"wp-image-168\" style=\"border-top-left-radius:292px;border-bottom-right-radius:292px\" srcset=\"https:\/\/www.camping-lespalmiers.fr\/wp-content\/uploads\/sites\/10\/2026\/02\/qualite-de-vie-durable-sous-le-soleil-provencal.jpg 629w, https:\/\/www.camping-lespalmiers.fr\/wp-content\/uploads\/sites\/10\/2026\/02\/qualite-de-vie-durable-sous-le-soleil-provencal-219x300.jpg 219w\" sizes=\"(max-width: 629px) 100vw, 629px\" \/><\/figure>\n\n\n\n<figure class=\"wp-block-image size-full has-custom-border\"><img decoding=\"async\" width=\"629\" height=\"861\" src=\"https:\/\/www.camping-lespalmiers.fr\/wp-content\/uploads\/sites\/10\/2026\/02\/camping-residentiel-dans-le-var.jpg\" alt=\"residential camping in the var\" class=\"wp-image-170\" style=\"border-top-left-radius:292px;border-bottom-right-radius:292px\" srcset=\"https:\/\/www.camping-lespalmiers.fr\/wp-content\/uploads\/sites\/10\/2026\/02\/camping-residentiel-dans-le-var.jpg 629w, https:\/\/www.camping-lespalmiers.fr\/wp-content\/uploads\/sites\/10\/2026\/02\/camping-residentiel-dans-le-var-219x300.jpg 219w\" sizes=\"(max-width: 629px) 100vw, 629px\" \/><\/figure>\n<\/div>\n<\/div>\n<\/div>\n<\/section>\n\n<section id=\"piscine\" class=\"wp-block-group piscine is-layout-flow wp-block-group-is-layout-flow\" style=\"padding-top:var(--wp--preset--spacing--60);padding-bottom:0\">\n<div class=\"wp-block-columns is-layout-flex wp-container-core-columns-is-layout-28f84493 wp-block-columns-is-layout-flex\">\n<div class=\"wp-block-column is-layout-flow wp-block-column-is-layout-flow\">\n<p class=\"h1-like wp-block-heading has-origin-font-family has-custom-color-2-color has-text-color\" style=\"margin-top:0px;margin-right:0px;margin-bottom:var(--wp--preset--spacing--40);margin-left:0px;font-size:clamp(54.054px, 3.378rem + ((1vw - 3.2px) * 4.548), 110px);font-style:normal;font-weight:400;line-height:1.0\">Freshness <br\/>guaranteed.<\/p>\n\n\n\n<p class=\"h2-like has-custom-color-1-color has-text-color has-link-color has-lt-remark-font-family wp-elements-d948d9a73a4d2afaaaf15330df914083\" style=\"margin-bottom:var(--wp--preset--spacing--30);font-size:clamp(43.728px, 2.733rem + ((1vw - 3.2px) * 3.274), 84px);line-height:1\">Go to <br\/><em>take<\/em><br\/><strong>the plunge&#8230;<\/strong><\/p>\n<\/div>\n\n\n\n<div class=\"wp-block-column is-layout-flow wp-block-column-is-layout-flow\">\n<div class=\"wp-block-group right animated fadeIn delay-200ms has-custom-color-4-background-color has-background is-layout-flow wp-block-group-is-layout-flow\" style=\"border-top-left-radius:366px;border-bottom-right-radius:366px;padding-top:7rem;padding-right:7rem;padding-bottom:7rem;padding-left:7rem\">\n<h2 class=\"wp-block-heading has-custom-color-1-color has-text-color has-link-color wp-elements-57d0a8bad211cfd6c17e22827ad0f472\" style=\"border-bottom-color:var(--wp--preset--color--custom-color-1);border-bottom-width:1px;padding-bottom:var(--wp--preset--spacing--20);line-height:1.1\"><strong>Campsite with swimming pool<\/strong> in the Var<\/h2>\n\n\n\n<div class=\"wp-block-group is-layout-flow wp-block-group-is-layout-flow\" style=\"padding-top:var(--wp--preset--spacing--20);padding-bottom:var(--wp--preset--spacing--20)\">\n<p style=\"margin-top:0;padding-top:0;padding-bottom:0\">The campsite, just a stone&#8217;s throw from <strong>Hy\u00e8res-les-Palmiers<\/strong>, boasts an <strong>outdoor swimming pool<\/strong>, a real place to relax in the heart of the Var. Open from <strong>May to September<\/strong>, from <strong>9 a.m. to 8 p.m.<\/strong>, it lets you make the most of the <strong>sunny days<\/strong> typical of the Mediterranean climate. Surrounded by <strong>peaceful trees<\/strong>, the swimming area invites you to take a <strong>refreshing swim<\/strong> or relax by the pool. This <strong>campsite with swimming pool in the Var<\/strong> offers a perfect balance between <strong>calm, easy living and proximity to the coast<\/strong>, ideal for extended stays or a <strong>second home<\/strong>.   <\/p>\n<\/div>\n<\/div>\n<\/div>\n<\/div>\n\n\n\n<div data-swiper=\"{&quot;speed&quot;:1000,&quot;autoplay&quot;:{&quot;delay&quot;:5000,&quot;disableOnInteraction&quot;:false},&quot;spaceBetween&quot;:0,&quot;slidesPerView&quot;:1,&quot;pagination&quot;:{&quot;el&quot;:&quot;.swiper-pagination&quot;,&quot;dynamicBullets&quot;:true,&quot;clickable&quot;:true,&quot;type&quot;:&quot;bullets&quot;},&quot;navigation&quot;:{&quot;nextEl&quot;:&quot;.swiper-button-next&quot;,&quot;prevEl&quot;:&quot;.swiper-button-prev&quot;},&quot;breakpoints&quot;:[{&quot;slidesPerView&quot;:1}]}\" class=\"wp-block-cover is-light has-parallax\" style=\"min-height:934px;aspect-ratio:unset;\"><div role=\"img\" aria-label=\"camping avec piscine dans le var\" class=\"wp-block-cover__image-background wp-image-172 size-full has-parallax\" style=\"background-position:50% 50%;background-image:url(https:\/\/www.camping-lespalmiers.fr\/wp-content\/uploads\/sites\/10\/2026\/02\/camping-avec-piscine-dans-le-var.jpg)\"><\/div><span aria-hidden=\"true\" class=\"wp-block-cover__background has-background-dim-0 has-background-dim\" style=\"background-color:#5f939a\"><\/span><div class=\"wp-block-cover__inner-container has-global-padding is-layout-constrained wp-block-cover-is-layout-constrained\">\n<p class=\"has-text-align-center has-large-font-size\"><\/p>\n<\/div><\/div>\n<\/section>\n\n<section id=\"atouts\" class=\"wp-block-group two bis is-layout-flow wp-block-group-is-layout-flow has-background\" style=\"margin-top:0;margin-bottom:0;padding-top:0;padding-bottom:0;background-image:url(&apos;https:\/\/www.camping-lesfontetes.com\/wp-content\/uploads\/sites\/8\/2026\/01\/atouts.png&apos;);background-size:cover;\">\n<div class=\"wp-block-columns is-layout-flex wp-container-core-columns-is-layout-cbe57604 wp-block-columns-is-layout-flex\">\n<div class=\"wp-block-column is-layout-flow wp-block-column-is-layout-flow\">\n<div class=\"wp-block-group animated fadeIn delay-200ms has-custom-color-3-background-color has-background is-layout-flow wp-block-group-is-layout-flow\" style=\"border-top-left-radius:292px;border-bottom-right-radius:292px;padding-top:130px;padding-right:83px;padding-bottom:130px;padding-left:83px\">\n<h2 class=\"wp-block-heading has-base-2-color has-text-color has-link-color wp-elements-898b8b5f2d98c12746a7dc2d2f10df1b\" style=\"border-bottom-color:var(--wp--preset--color--base-2);border-bottom-width:1px;padding-bottom:var(--wp--preset--spacing--20);line-height:1.1\"><strong>The advantages of<\/strong> camping<\/h2>\n\n\n\n<div class=\"wp-block-group is-layout-flow wp-block-group-is-layout-flow\" style=\"padding-top:var(--wp--preset--spacing--20)\">\n<p class=\"has-base-2-color has-text-color has-link-color wp-elements-a565c1f8c1960415a0bccb0b2b6f3881\" style=\"padding-top:0\"><strong>Les Palmiers<\/strong> campsite, in Carqueiranne near <strong>Hy\u00e8res-les-Palmiers<\/strong>, offers a host of <strong>essential features<\/strong> designed to make everyday life in the Var as simple and pleasant as possible. Set in <strong>8,475 m\u00b2 of wooded grounds<\/strong>, it offers <strong>air-conditioned mobile homes<\/strong> from 18 to 24 m\u00b2, with <strong>covered terraces<\/strong>, ideal for family holidays or second homes. A <strong>secure playground<\/strong> is available for children, while the <strong>outdoor swimming pool<\/strong>, the <strong>calm of the site<\/strong> and the <strong>immediate proximity to the sea and shops<\/strong> offer a harmonious living environment. A <strong>residential campsite on a human scale<\/strong>, ideal for enjoying the <strong>mild Var climate<\/strong> over the long term.   <\/p>\n<\/div>\n<\/div>\n<\/div>\n\n\n\n<div class=\"wp-block-column is-vertically-aligned-top is-layout-flow wp-block-column-is-layout-flow\">\n<p class=\"h1-like wp-block-heading has-origin-font-family has-custom-color-2-color has-text-color\" style=\"margin-top:var(--wp--preset--spacing--50);margin-right:0px;margin-bottom:0px;margin-left:0px;font-size:clamp(57.838px, 3.615rem + ((1vw - 3.2px) * 5.054), 120px);font-style:normal;font-weight:400;line-height:1.1\">Nothing to <br\/>expect<\/p>\n<\/div>\n<\/div>\n\n\n\n<div class=\"wp-block-columns is-layout-flex wp-container-core-columns-is-layout-28f84493 wp-block-columns-is-layout-flex\">\n<div class=\"wp-block-column is-vertically-aligned-center is-layout-flow wp-block-column-is-layout-flow\" style=\"padding-top:12rem;flex-basis:40%\">\n<p class=\"h2-like has-custom-color-2-color has-text-color has-link-color has-lt-remark-font-family wp-elements-b2a0a4001b4810472e909f96d562669e\" style=\"font-size:clamp(43.728px, 2.733rem + ((1vw - 3.2px) * 3.274), 84px);line-height:1\">Every <br\/><em>detail<\/em> <br\/><strong>counts&#8230;<\/strong><\/p>\n<\/div>\n\n\n\n<div class=\"wp-block-column is-layout-flow wp-block-column-is-layout-flow\" style=\"padding-left:var(--wp--preset--spacing--60);flex-basis:60%\">\n<div class=\"wp-block-group details is-nowrap is-layout-flex wp-container-core-group-is-layout-6c531013 wp-block-group-is-layout-flex\">\n<div class=\"wp-block-group is-layout-flow wp-block-group-is-layout-flow\" style=\"border-style:none;border-width:0%;border-top-left-radius:100%;border-top-right-radius:100%;border-bottom-left-radius:100%;border-bottom-right-radius:100%\">\n<figure class=\"wp-block-image size-large\" style=\"margin-right:0px\"><img decoding=\"async\" width=\"102\" height=\"98\" src=\"https:\/\/www.camping-lespalmiers.fr\/wp-content\/uploads\/sites\/10\/2026\/01\/Group-1-1-1.svg\" alt=\"calm tranquility\" class=\"wp-image-61\"\/><\/figure>\n<\/div>\n\n\n\n<p class=\"has-custom-color-1-color has-text-color has-link-color wp-elements-109ef3d488e57f1a1550ce0a13580c9f\"><strong>Peace &amp; quiet,<\/strong> <br\/>without entertainment<\/p>\n<\/div>\n\n\n\n<div class=\"wp-block-group details is-nowrap is-layout-flex wp-container-core-group-is-layout-6c531013 wp-block-group-is-layout-flex\">\n<div class=\"wp-block-group is-layout-flow wp-block-group-is-layout-flow\" style=\"border-style:none;border-width:0%;border-top-left-radius:100%;border-top-right-radius:100%;border-bottom-left-radius:100%;border-bottom-right-radius:100%\">\n<figure class=\"wp-block-image size-large\" style=\"margin-right:0px\"><img decoding=\"async\" width=\"73\" height=\"103\" src=\"https:\/\/www.camping-lespalmiers.fr\/wp-content\/uploads\/sites\/10\/2026\/01\/Vector-3-1-1.svg\" alt=\"close to the village\" class=\"wp-image-63\"\/><\/figure>\n<\/div>\n\n\n\n<p class=\"has-custom-color-1-color has-text-color has-link-color wp-elements-253dd1f192419d3696156949c8d29eef\"><strong>Close to the village of<\/strong> <br\/><strong>Carqueiranne<\/strong> with shops<\/p>\n<\/div>\n\n\n\n<div class=\"wp-block-group details is-nowrap is-layout-flex wp-container-core-group-is-layout-6c531013 wp-block-group-is-layout-flex\">\n<div class=\"wp-block-group is-layout-flow wp-block-group-is-layout-flow\" style=\"border-style:none;border-width:0%;border-top-left-radius:100%;border-top-right-radius:100%;border-bottom-left-radius:100%;border-bottom-right-radius:100%\">\n<figure class=\"wp-block-image size-large\" style=\"margin-right:0px\"><img decoding=\"async\" width=\"105\" height=\"105\" src=\"https:\/\/www.camping-lespalmiers.fr\/wp-content\/uploads\/sites\/10\/2026\/01\/beach-1-1-1-1.svg\" alt=\"close to the beach\" class=\"wp-image-66\"\/><\/figure>\n<\/div>\n\n\n\n<p class=\"has-custom-color-1-color has-text-color has-link-color wp-elements-397af5b0056dd61697efb87d15f74307\">Ideal location <strong>3km from<br\/>the beach<\/strong><\/p>\n<\/div>\n\n\n\n<div class=\"wp-block-group details is-nowrap is-layout-flex wp-container-core-group-is-layout-6c531013 wp-block-group-is-layout-flex\">\n<div class=\"wp-block-group is-layout-flow wp-block-group-is-layout-flow\" style=\"border-style:none;border-width:0%;border-top-left-radius:100%;border-top-right-radius:100%;border-bottom-left-radius:100%;border-bottom-right-radius:100%\">\n<figure class=\"wp-block-image size-large\" style=\"margin-right:0px\"><img decoding=\"async\" width=\"96\" height=\"95\" src=\"https:\/\/www.camping-lespalmiers.fr\/wp-content\/uploads\/sites\/10\/2026\/01\/Vector-1-1-1.svg\" alt=\"your home away from home\" class=\"wp-image-68\"\/><\/figure>\n<\/div>\n\n\n\n<p class=\"has-custom-color-1-color has-text-color has-link-color wp-elements-56e19c41a99dc0a01a0749d95122d069\"><strong>100% residential<\/strong> (your <br\/>second &#8220;home&#8221;)<\/p>\n<\/div>\n<\/div>\n<\/div>\n<\/section>\n\n<section id=\"alentours\" class=\"wp-block-group piscine bis has-base-2-background-color has-background is-layout-flow wp-block-group-is-layout-flow\" style=\"margin-top:0;padding-top:var(--wp--preset--spacing--60);padding-bottom:0\">\n<div class=\"wp-block-columns is-layout-flex wp-container-core-columns-is-layout-28f84493 wp-block-columns-is-layout-flex\">\n<div class=\"wp-block-column is-layout-flow wp-block-column-is-layout-flow\">\n<div class=\"wp-block-group right animated fadeIn delay-200ms has-custom-color-4-background-color has-background is-layout-flow wp-block-group-is-layout-flow\" style=\"border-top-left-radius:366px;border-bottom-right-radius:366px;padding-top:7rem;padding-right:7rem;padding-bottom:3rem;padding-left:7rem\">\n<h2 class=\"wp-block-heading has-custom-color-1-color has-text-color has-link-color wp-elements-383f00a2c9dea24d4936705001ed64e3\" style=\"border-bottom-color:var(--wp--preset--color--custom-color-1);border-bottom-width:1px;padding-bottom:var(--wp--preset--spacing--30);line-height:1.1\">Your vacation near Carqueiranne<\/h2>\n\n\n\n<div class=\"wp-block-group is-layout-flow wp-block-group-is-layout-flow\" style=\"padding-top:var(--wp--preset--spacing--30)\">\n<p style=\"margin-top:0;padding-top:0;padding-bottom:0\">Staying at <strong>Les Palmiers<\/strong> campsite means making the most of your <strong>vacation in Hy\u00e8res-les-Palmiers<\/strong>, in the heart of an exceptional area between sea and nature. The <strong>beaches of Almanarre<\/strong>, <strong>La Londe-les-Maures<\/strong> and <strong>Carqueiranne<\/strong> are just a few minutes away, ideal for swimming and water sports. Take a day trip to the mythical <strong>\u00celes d&#8217;Or<\/strong> &#8211; <strong>Porquerolles<\/strong>, <strong>Port-Cros<\/strong> and <strong>Le Levant<\/strong> &#8211; for their wild coves, paths and turquoise waters. Stroll through the <strong>old town of Hy\u00e8res<\/strong>, with its cobbled streets, colorful houses and <strong>medieval castle<\/strong>, or explore <strong>picturesque neighboring villages<\/strong> such as <strong>Bormes-les-Mimosas<\/strong>, <strong>Le Lavandou<\/strong> or <strong>Giens<\/strong>, for their local markets, Provencal crafts and typical vineyards.    A sunny, rich and authentic destination, perfect for combining <strong>relaxation, discovery and the Mediterranean art of living<\/strong>.<\/p>\n<\/div>\n<\/div>\n<\/div>\n\n\n\n<div class=\"wp-block-column is-layout-flow wp-block-column-is-layout-flow\" style=\"padding-left:var(--wp--preset--spacing--50)\">\n<figure class=\"wp-block-image size-large plume wp-duotone-ffffff-9d8b42-1\"><img decoding=\"async\" width=\"639\" height=\"314\" src=\"https:\/\/www.camping-lespalmiers.fr\/wp-content\/uploads\/sites\/10\/2026\/02\/plume.svg\" alt=\"feather\" class=\"wp-image-94\"\/><\/figure>\n\n\n\n<p class=\"h1-like wp-block-heading has-origin-font-family has-custom-color-2-color has-text-color\" style=\"margin-top:0px;margin-right:0px;margin-bottom:var(--wp--preset--spacing--40);margin-left:0px;font-size:clamp(52.125px, 3.258rem + ((1vw - 3.2px) * 4.299), 105px);font-style:normal;font-weight:400;line-height:1.0\">Your <br\/>playground.<\/p>\n<\/div>\n<\/div>\n\n\n\n<div data-swiper=\"{&quot;speed&quot;:400,&quot;spaceBetween&quot;:16,&quot;slidesPerView&quot;:1,&quot;createElements&quot;:true,&quot;loop&quot;:true,&quot;freemode&quot;:true,&quot;breakpoints&quot;:[{&quot;slidesPerView&quot;:1}],&quot;navigation&quot;:false,&quot;effect&quot;:&quot;fade&quot;,&quot;pagination&quot;:false,&quot;autoplay&quot;:{&quot;delay&quot;:3000}}\" class=\"wp-block-group gt-is-slider gt-is-slider-desktop has-global-padding is-layout-constrained wp-block-group-is-layout-constrained\">\n<div data-swiper=\"{&quot;speed&quot;:1000,&quot;autoplay&quot;:{&quot;delay&quot;:5000,&quot;disableOnInteraction&quot;:false},&quot;spaceBetween&quot;:0,&quot;slidesPerView&quot;:1,&quot;pagination&quot;:{&quot;el&quot;:&quot;.swiper-pagination&quot;,&quot;dynamicBullets&quot;:true,&quot;clickable&quot;:true,&quot;type&quot;:&quot;bullets&quot;},&quot;navigation&quot;:{&quot;nextEl&quot;:&quot;.swiper-button-next&quot;,&quot;prevEl&quot;:&quot;.swiper-button-prev&quot;},&quot;breakpoints&quot;:[{&quot;slidesPerView&quot;:1}]}\" class=\"wp-block-cover has-parallax\" style=\"min-height:934px;aspect-ratio:unset;\"><div role=\"img\" aria-label=\"decouvrez les plages de la londe les maures\" class=\"wp-block-cover__image-background wp-image-174 size-full has-parallax\" style=\"background-position:50% 50%;background-image:url(https:\/\/www.camping-lespalmiers.fr\/wp-content\/uploads\/sites\/10\/2026\/02\/decouvrez-les-plages-de-la-londe-les-maures.jpg)\"><\/div><span aria-hidden=\"true\" class=\"wp-block-cover__background has-background-dim wp-block-cover__gradient-background has-background-gradient\" style=\"background:linear-gradient(215deg,rgba(7,146,227,0) 30%,rgb(0,0,0) 100%)\"><\/span><div class=\"wp-block-cover__inner-container has-global-padding is-layout-constrained wp-block-cover-is-layout-constrained\">\n<p class=\"has-text-align-left h2-like has-base-2-color has-text-color has-link-color has-lt-remark-font-family wp-elements-bbd8053080e70df52132f4913421ebf3\" style=\"margin-bottom:var(--wp--preset--spacing--30);font-size:clamp(43.728px, 2.733rem + ((1vw - 3.2px) * 3.274), 84px);line-height:1\">Discover <br\/><em>the beaches of<\/em> <br\/>Londe-les-Maures&#8230;<\/p>\n<\/div><\/div>\n\n\n\n<div data-swiper=\"{&quot;speed&quot;:1000,&quot;autoplay&quot;:{&quot;delay&quot;:5000,&quot;disableOnInteraction&quot;:false},&quot;spaceBetween&quot;:0,&quot;slidesPerView&quot;:1,&quot;pagination&quot;:{&quot;el&quot;:&quot;.swiper-pagination&quot;,&quot;dynamicBullets&quot;:true,&quot;clickable&quot;:true,&quot;type&quot;:&quot;bullets&quot;},&quot;navigation&quot;:{&quot;nextEl&quot;:&quot;.swiper-button-next&quot;,&quot;prevEl&quot;:&quot;.swiper-button-prev&quot;},&quot;breakpoints&quot;:[{&quot;slidesPerView&quot;:1}]}\" class=\"wp-block-cover has-parallax\" style=\"min-height:934px;aspect-ratio:unset;\"><div role=\"img\" aria-label=\"criques sauvages porquerolles\" class=\"wp-block-cover__image-background wp-image-176 size-full has-parallax\" style=\"background-position:50% 50%;background-image:url(https:\/\/www.camping-lespalmiers.fr\/wp-content\/uploads\/sites\/10\/2026\/02\/criques-sauvages-porquerolles.jpg)\"><\/div><span aria-hidden=\"true\" class=\"wp-block-cover__background has-background-dim wp-block-cover__gradient-background has-background-gradient\" style=\"background:linear-gradient(215deg,rgba(7,146,227,0) 30%,rgb(0,0,0) 100%)\"><\/span><div class=\"wp-block-cover__inner-container has-global-padding is-layout-constrained wp-block-cover-is-layout-constrained\">\n<p class=\"has-text-align-left h2-like has-base-2-color has-text-color has-link-color has-lt-remark-font-family wp-elements-eb3944a20a45a7534b36c41b963f7de2\" style=\"margin-bottom:var(--wp--preset--spacing--30);font-size:clamp(43.728px, 2.733rem + ((1vw - 3.2px) * 3.274), 84px);line-height:1\">Enjoy the <br\/><strong>wild<br\/> <\/strong><em>coves<\/em>&#8230;<\/p>\n<\/div><\/div>\n\n\n\n<div data-swiper=\"{&quot;speed&quot;:1000,&quot;autoplay&quot;:{&quot;delay&quot;:5000,&quot;disableOnInteraction&quot;:false},&quot;spaceBetween&quot;:0,&quot;slidesPerView&quot;:1,&quot;pagination&quot;:{&quot;el&quot;:&quot;.swiper-pagination&quot;,&quot;dynamicBullets&quot;:true,&quot;clickable&quot;:true,&quot;type&quot;:&quot;bullets&quot;},&quot;navigation&quot;:{&quot;nextEl&quot;:&quot;.swiper-button-next&quot;,&quot;prevEl&quot;:&quot;.swiper-button-prev&quot;},&quot;breakpoints&quot;:[{&quot;slidesPerView&quot;:1}]}\" class=\"wp-block-cover has-parallax\" style=\"min-height:934px;aspect-ratio:unset;\"><div role=\"img\" aria-label=\"vieille ville de hyeres\" class=\"wp-block-cover__image-background wp-image-178 size-full has-parallax\" style=\"background-position:50% 50%;background-image:url(https:\/\/www.camping-lespalmiers.fr\/wp-content\/uploads\/sites\/10\/2026\/02\/vieille-ville-de-hyeres.jpg)\"><\/div><span aria-hidden=\"true\" class=\"wp-block-cover__background has-background-dim wp-block-cover__gradient-background has-background-gradient\" style=\"background:linear-gradient(215deg,rgba(7,146,227,0) 30%,rgb(0,0,0) 100%)\"><\/span><div class=\"wp-block-cover__inner-container has-global-padding is-layout-constrained wp-block-cover-is-layout-constrained\">\n<p class=\"has-text-align-left h2-like has-base-2-color has-text-color has-link-color has-lt-remark-font-family wp-elements-4f11cbcb29364e1797dac8d701f889ef\" style=\"margin-bottom:var(--wp--preset--spacing--30);font-size:clamp(43.728px, 2.733rem + ((1vw - 3.2px) * 3.274), 84px);line-height:1\">Explore the <br\/><em>old town<\/em> <br\/><strong>of Hy\u00e8res<\/strong>&#8230;<\/p>\n<\/div><\/div>\n\n\n\n<div data-swiper=\"{&quot;speed&quot;:1000,&quot;autoplay&quot;:{&quot;delay&quot;:5000,&quot;disableOnInteraction&quot;:false},&quot;spaceBetween&quot;:0,&quot;slidesPerView&quot;:1,&quot;pagination&quot;:{&quot;el&quot;:&quot;.swiper-pagination&quot;,&quot;dynamicBullets&quot;:true,&quot;clickable&quot;:true,&quot;type&quot;:&quot;bullets&quot;},&quot;navigation&quot;:{&quot;nextEl&quot;:&quot;.swiper-button-next&quot;,&quot;prevEl&quot;:&quot;.swiper-button-prev&quot;},&quot;breakpoints&quot;:[{&quot;slidesPerView&quot;:1}]}\" class=\"wp-block-cover has-parallax\" style=\"min-height:934px;aspect-ratio:unset;\"><div role=\"img\" aria-label=\"village pittoresque voisin lavandou\" class=\"wp-block-cover__image-background wp-image-180 size-full has-parallax\" style=\"background-position:50% 50%;background-image:url(https:\/\/www.camping-lespalmiers.fr\/wp-content\/uploads\/sites\/10\/2026\/02\/village-pittoresque-voisin-lavandou.jpg)\"><\/div><span aria-hidden=\"true\" class=\"wp-block-cover__background has-background-dim wp-block-cover__gradient-background has-background-gradient\" style=\"background:linear-gradient(215deg,rgba(7,146,227,0) 31%,rgb(0,0,0) 100%)\"><\/span><div class=\"wp-block-cover__inner-container has-global-padding is-layout-constrained wp-block-cover-is-layout-constrained\">\n<p class=\"has-text-align-left h2-like has-base-2-color has-text-color has-link-color has-lt-remark-font-family wp-elements-ad10fa6c23ababee53028d5ead354a2f\" style=\"margin-bottom:var(--wp--preset--spacing--30);font-size:clamp(43.728px, 2.733rem + ((1vw - 3.2px) * 3.274), 84px);line-height:1\">Visit the <br\/><em>villages<\/em>&#8230;<\/p>\n<\/div><\/div>\n<\/div>\n<\/section>\n\n<section id=\"faq\" class=\"wp-block-group faq is-layout-flow wp-block-group-is-layout-flow\" style=\"margin-top:0;padding-top:var(--wp--preset--spacing--60);padding-right:var(--wp--preset--spacing--50);padding-bottom:var(--wp--preset--spacing--60);padding-left:var(--wp--preset--spacing--50)\">\n<div class=\"wp-block-columns is-layout-flex wp-container-core-columns-is-layout-7fc3d43a wp-block-columns-is-layout-flex\">\n<div class=\"wp-block-column is-layout-flow wp-block-column-is-layout-flow\">\n<p class=\"h1-like wp-block-heading has-origin-font-family has-custom-color-2-color has-text-color\" style=\"margin-top:0px;margin-right:0px;margin-bottom:var(--wp--preset--spacing--50);margin-left:0px;font-size:clamp(54.054px, 3.378rem + ((1vw - 3.2px) * 4.548), 110px);font-style:normal;font-weight:400;line-height:1.0\">Curious?<\/p>\n\n\n<details class=\"gt-fse-faq wp-block-gt-gt-fse-faq\" data-wp-interactive=\"gt-fse-faq\" data-wp-context='{\"isOpen\": false}'>\n\t<summary aria-expanded=\"false\" class=\"gt-fse-faq-summary\" data-wp-on--click=\"actions.toggle\" data-wp-bind--aria-expanded=\"context.isOpen\">\n\t\t<div class=\"gt-fse-faq-summary-text\"><strong>Is the campsite VACAF?<\/strong><\/div>\t\t<span class=\"gt-fse-faq-opener\"><\/span>\n\t<\/summary>\n\t<div class=\"gt-fse-faq-content\">\n\t\t\n\n<p>No, and we don&#8217;t do direct rentals. Only mobile-home owners can rent out their mobile homes for 10 weeks a year. <\/p>\n\n\t<\/div>\n<\/details>\n\n\n\n<details class=\"gt-fse-faq wp-block-gt-gt-fse-faq\" data-wp-interactive=\"gt-fse-faq\" data-wp-context='{\"isOpen\": false}'>\n\t<summary aria-expanded=\"false\" class=\"gt-fse-faq-summary\" data-wp-on--click=\"actions.toggle\" data-wp-bind--aria-expanded=\"context.isOpen\">\n\t\t<div class=\"gt-fse-faq-summary-text\"><strong>Are pets allowed in all areas of the campsite?<\/strong><\/div>\t\t<span class=\"gt-fse-faq-opener\"><\/span>\n\t<\/summary>\n\t<div class=\"gt-fse-faq-content\">\n\t\t\n\n<p>Yes for owners, no for holidaymakers.<\/p>\n\n\t<\/div>\n<\/details>\n\n\n\n<details class=\"gt-fse-faq wp-block-gt-gt-fse-faq\" data-wp-interactive=\"gt-fse-faq\" data-wp-context='{\"isOpen\": false}'>\n\t<summary aria-expanded=\"false\" class=\"gt-fse-faq-summary\" data-wp-on--click=\"actions.toggle\" data-wp-bind--aria-expanded=\"context.isOpen\">\n\t\t<div class=\"gt-fse-faq-summary-text\"><strong>Is Wifi free and available throughout the estate?<\/strong><\/div>\t\t<span class=\"gt-fse-faq-opener\"><\/span>\n\t<\/summary>\n\t<div class=\"gt-fse-faq-content\">\n\t\t\n\n<p>Wifi is available throughout the campsite at an additional cost.<\/p>\n\n\t<\/div>\n<\/details>\n\n\n\n<details class=\"gt-fse-faq wp-block-gt-gt-fse-faq\" data-wp-interactive=\"gt-fse-faq\" data-wp-context='{\"isOpen\": false}'>\n\t<summary aria-expanded=\"false\" class=\"gt-fse-faq-summary\" data-wp-on--click=\"actions.toggle\" data-wp-bind--aria-expanded=\"context.isOpen\">\n\t\t<div class=\"gt-fse-faq-summary-text\"><strong>Can I pay for my reservation with a vacation voucher?<\/strong><\/div>\t\t<span class=\"gt-fse-faq-opener\"><\/span>\n\t<\/summary>\n\t<div class=\"gt-fse-faq-content\">\n\t\t\n\n<p>No, it is not possible to pay for your reservation with a vacation voucher.<\/p>\n\n\t<\/div>\n<\/details>\n\n\n\n<details class=\"gt-fse-faq wp-block-gt-gt-fse-faq\" data-wp-interactive=\"gt-fse-faq\" data-wp-context='{\"isOpen\": false}'>\n\t<summary aria-expanded=\"false\" class=\"gt-fse-faq-summary\" data-wp-on--click=\"actions.toggle\" data-wp-bind--aria-expanded=\"context.isOpen\">\n\t\t<div class=\"gt-fse-faq-summary-text\"><strong>How far is the campsite from the beach?<\/strong><\/div>\t\t<span class=\"gt-fse-faq-opener\"><\/span>\n\t<\/summary>\n\t<div class=\"gt-fse-faq-content\">\n\t\t\n\n<p>We are 3 km from Carqueiranne beach.<\/p>\n\n\t<\/div>\n<\/details>\n\n\n\n<details class=\"gt-fse-faq wp-block-gt-gt-fse-faq\" data-wp-interactive=\"gt-fse-faq\" data-wp-context='{\"isOpen\": false}'>\n\t<summary aria-expanded=\"false\" class=\"gt-fse-faq-summary\" data-wp-on--click=\"actions.toggle\" data-wp-bind--aria-expanded=\"context.isOpen\">\n\t\t<div class=\"gt-fse-faq-summary-text\"><strong><strong>Is the campsite close to the town center?<\/strong><\/strong><\/div>\t\t<span class=\"gt-fse-faq-opener\"><\/span>\n\t<\/summary>\n\t<div class=\"gt-fse-faq-content\">\n\t\t\n\n<p>The campsite is 1 km from all amenities and 2 km from the towns of Carqueiranne and Le Pradet.<\/p>\n\n\t<\/div>\n<\/details>\n\n<\/div>\n\n\n\n<div class=\"wp-block-column is-layout-flow wp-block-column-is-layout-flow\">\n<div data-swiper=\"{&quot;speed&quot;:1000,&quot;autoplay&quot;:{&quot;delay&quot;:5000,&quot;disableOnInteraction&quot;:false},&quot;spaceBetween&quot;:0,&quot;slidesPerView&quot;:1,&quot;pagination&quot;:{&quot;el&quot;:&quot;.swiper-pagination&quot;,&quot;dynamicBullets&quot;:true,&quot;clickable&quot;:true,&quot;type&quot;:&quot;bullets&quot;},&quot;navigation&quot;:{&quot;nextEl&quot;:&quot;.swiper-button-next&quot;,&quot;prevEl&quot;:&quot;.swiper-button-prev&quot;},&quot;breakpoints&quot;:[{&quot;slidesPerView&quot;:1}]}\" class=\"wp-block-cover animated fadeIn delay-200ms\" style=\"border-top-left-radius:290px;border-bottom-right-radius:290px\"><img decoding=\"async\" width=\"817\" height=\"965\" class=\"wp-block-cover__image-background wp-image-182 size-full\" alt=\"vacances sans souci dans le var\" src=\"https:\/\/www.camping-lespalmiers.fr\/wp-content\/uploads\/sites\/10\/2026\/02\/vacances-sans-souci-dans-le-var.jpg\" data-object-fit=\"cover\" srcset=\"https:\/\/www.camping-lespalmiers.fr\/wp-content\/uploads\/sites\/10\/2026\/02\/vacances-sans-souci-dans-le-var.jpg 817w, https:\/\/www.camping-lespalmiers.fr\/wp-content\/uploads\/sites\/10\/2026\/02\/vacances-sans-souci-dans-le-var-254x300.jpg 254w, https:\/\/www.camping-lespalmiers.fr\/wp-content\/uploads\/sites\/10\/2026\/02\/vacances-sans-souci-dans-le-var-768x907.jpg 768w\" sizes=\"(max-width: 817px) 100vw, 817px\" \/><span aria-hidden=\"true\" class=\"wp-block-cover__background has-background-dim wp-block-cover__gradient-background has-background-gradient\" style=\"background:linear-gradient(180deg,rgba(0,0,0,0) 39%,rgba(0,0,0,0.63) 67%,rgb(1,1,1) 93%)\"><\/span><div class=\"wp-block-cover__inner-container has-global-padding is-layout-constrained wp-block-cover-is-layout-constrained\">\n<p class=\"h2-like has-base-2-color has-text-color has-link-color has-lt-remark-font-family wp-elements-dd720d0d575c7b9703e7443b3795f362\" style=\"font-size:clamp(43.728px, 2.733rem + ((1vw - 3.2px) * 3.274), 84px);line-height:1\">We answer <em>your<\/em> <strong>questions&#8230;<\/strong><\/p>\n<\/div><\/div>\n<\/div>\n<\/div>\n<\/section>\n\n<section style=\"background-image:url(&apos;https:\/\/www.camping-lesfontetes.com\/wp-content\/uploads\/sites\/8\/2026\/01\/atouts.png&apos;);background-size:cover;\" id=\"avis\" class=\"wp-block-group avis is-layout-flow wp-block-group-is-layout-flow has-background\">\n<div class=\"wp-block-columns is-layout-flex wp-container-core-columns-is-layout-28f84493 wp-block-columns-is-layout-flex\">\n<div class=\"wp-block-column is-layout-flow wp-block-column-is-layout-flow\">\n<div class=\"wp-block-group left animated fadeIn delay-200ms has-custom-color-3-background-color has-background is-layout-flow wp-block-group-is-layout-flow\" style=\"border-top-left-radius:290px;border-bottom-right-radius:290px\">\n<p class=\"h2 has-base-2-color has-text-color has-link-color wp-elements-74ef4b341e04a27cefc3648e9b0ce159\" style=\"border-bottom-color:var(--wp--preset--color--base-2);border-bottom-width:1px;padding-bottom:var(--wp--preset--spacing--20);font-size:clamp(33.419px, 2.089rem + ((1vw - 3.2px) * 2.161), 60px);line-height:1\">Customer reviews<\/p>\n\n\n\n<p class=\"h2-like has-base-2-color has-text-color has-link-color has-lt-remark-font-family wp-elements-f910caeeae17ba0bb64216761ef691d8\" style=\"padding-top:var(--wp--preset--spacing--20);font-size:clamp(43.728px, 2.733rem + ((1vw - 3.2px) * 3.274), 84px);line-height:1\">Here you&#8217; <em>ll know everything<\/em> you need to know before <strong>choosing&#8230;<\/strong><\/p>\n<\/div>\n<\/div>\n\n\n\n<div class=\"wp-block-column is-layout-flow wp-block-column-is-layout-flow\">\n<p class=\"h1-like wp-block-heading has-origin-font-family has-custom-color-2-color has-text-color\" style=\"margin-top:0px;margin-right:0px;margin-bottom:0px;margin-left:0px;font-size:clamp(57.838px, 3.615rem + ((1vw - 3.2px) * 5.054), 120px);font-style:normal;font-weight:400;line-height:1.0\">They loved it.<\/p>\n\n\n\n<div class=\"wp-block-group is-nowrap is-layout-flex wp-container-core-group-is-layout-5f1b2fbc wp-block-group-is-layout-flex\" style=\"padding-top:var(--wp--preset--spacing--20);padding-right:var(--wp--preset--spacing--50)\">\n<script defer=\"defer\" async=\"\" src=\"https:\/\/cdn.trustindex.io\/loader.js?81399f1666a3667bcf46657693c\"><\/script>\n<\/div>\n<\/div>\n<\/div>\n\n\n\n<div class=\"wp-block-group is-layout-flow wp-block-group-is-layout-flow\"><\/div>\n<\/section>\n","protected":false},"excerpt":{"rendered":"<p>Visit south. Campsite near Carqueiranne Located in Carqueiranne, just a few minutes from Hy\u00e8res-les-Palmiers, Les Palmiers campsite is a confidential address for those looking for a peaceful place to live in the Var, just a stone&#8217;s throw from the Mediterranean. Open from January 10 to November 10, this human-scale Var campsite is set in 8,475 [&hellip;]<\/p>\n","protected":false},"author":1,"featured_media":0,"parent":0,"menu_order":0,"comment_status":"closed","ping_status":"closed","template":"","meta":{"_seopress_robots_primary_cat":"","_seopress_titles_title":"Campsite near Hy\u00e8res-les-Palmiers I Campsite in the Var","_seopress_titles_desc":"Campsite Les Palmiers: stay in a sunny setting with comfortable mobile homes and a friendly atmosphere for your vacations.","_seopress_robots_index":"","inline_featured_image":false,"gt_fse_maillage_image":"","gt_fse_maillage_titre":"Campsite Les Palmiers","gt_fse_maillage_alt":"Home","gt_fse_maillage_resume":"","footnotes":""},"categories":[],"tags":[],"class_list":["post-200","page","type-page","status-publish","hentry"],"_links":{"self":[{"href":"https:\/\/www.camping-lespalmiers.fr\/en\/wp-json\/wp\/v2\/pages\/200","targetHints":{"allow":["GET"]}}],"collection":[{"href":"https:\/\/www.camping-lespalmiers.fr\/en\/wp-json\/wp\/v2\/pages"}],"about":[{"href":"https:\/\/www.camping-lespalmiers.fr\/en\/wp-json\/wp\/v2\/types\/page"}],"author":[{"embeddable":true,"href":"https:\/\/www.camping-lespalmiers.fr\/en\/wp-json\/wp\/v2\/users\/1"}],"replies":[{"embeddable":true,"href":"https:\/\/www.camping-lespalmiers.fr\/en\/wp-json\/wp\/v2\/comments?post=200"}],"version-history":[{"count":25,"href":"https:\/\/www.camping-lespalmiers.fr\/en\/wp-json\/wp\/v2\/pages\/200\/revisions"}],"predecessor-version":[{"id":285,"href":"https:\/\/www.camping-lespalmiers.fr\/en\/wp-json\/wp\/v2\/pages\/200\/revisions\/285"}],"wp:attachment":[{"href":"https:\/\/www.camping-lespalmiers.fr\/en\/wp-json\/wp\/v2\/media?parent=200"}],"wp:term":[{"taxonomy":"category","embeddable":true,"href":"https:\/\/www.camping-lespalmiers.fr\/en\/wp-json\/wp\/v2\/categories?post=200"},{"taxonomy":"post_tag","embeddable":true,"href":"https:\/\/www.camping-lespalmiers.fr\/en\/wp-json\/wp\/v2\/tags?post=200"}],"curies":[{"name":"wp","href":"https:\/\/api.w.org\/{rel}","templated":true}]}}